{"id":7229,"date":"2025-02-17T08:52:17","date_gmt":"2025-02-17T08:52:17","guid":{"rendered":"https:\/\/test.iapop.com\/?page_id=7229"},"modified":"2025-02-17T08:58:50","modified_gmt":"2025-02-17T08:58:50","slug":"2012iapop-conference","status":"publish","type":"page","link":"https:\/\/iapop.com\/sk\/2012iapop-conference\/","title":{"rendered":"Konferencia IAPOP 2012"},"content":{"rendered":"<h1 class=\"wp-block-post-title\">Konferencia IAPOP 2012<\/h1>\n\n\n<div class=\"wp-block-group has-white-background-color has-background is-layout-flow wp-block-group-is-layout-flow\">\n<figure class=\"wp-block-image aligncenter size-full\"><img loading=\"lazy\" decoding=\"async\" width=\"617\" height=\"178\" src=\"https:\/\/iapop.com\/wp-content\/uploads\/2012\/01\/IAPOP2012-zurich.gif\" alt=\"Konferencia IAPOP 2012\" class=\"wp-image-2912\"\/><\/figure>\n<\/div>\n\n\n\n<h2 class=\"wp-block-heading\">Miestna zmena: Nap\u00e4tie, kr\u00edza a procesy zmeny<\/h2>\n\n\n\n<h3 class=\"wp-block-heading\">F\u00f3rum pre udr\u017eate\u013en\u00e9 met\u00f3dy skupinov\u00fdch procesov pri pr\u00e1ci so soci\u00e1lnymi v\u00fdzvami<\/h3>\n\n\n\n<ul class=\"wp-block-list\">\n<li>28. - 30. apr\u00edla 2012<\/li>\n\n\n\n<li>Volkshaus, Z\u00fcrich<\/li>\n<\/ul>\n\n\n\n<p>Od za\u010diatku svetovej hospod\u00e1rskej kr\u00edzy sa soci\u00e1lne nap\u00e4tie v Eur\u00f3pe a v in\u00fdch \u010dastiach sveta v\u00fdrazne zv\u00fd\u0161ilo. Tieto premeny sa t\u00fdkaj\u00fa n\u00e1s v\u0161etk\u00fdch. A vyvol\u00e1vaj\u00fa ot\u00e1zku, ak\u00e9 met\u00f3dy s\u00fa vhodn\u00e9 na u\u013eah\u010denie s\u00fa\u010dasn\u00fdch transforma\u010dn\u00fdch procesov v na\u0161ich komunit\u00e1ch a organiz\u00e1ci\u00e1ch.<\/p>\n\n\n\n<p>Cie\u013eom tejto trojd\u0148ovej konferencie je vytvori\u0165 f\u00f3rum pre z\u00e1stupcov r\u00f4znych udr\u017eate\u013en\u00fdch met\u00f3d a t\u00fdm vytvori\u0165 signaliza\u010dn\u00fd efekt: Mysl\u00edme si, \u017ee u\u017e existuj\u00fa ve\u013emi konkr\u00e9tne a u\u017eito\u010dn\u00e9 praktick\u00e9 met\u00f3dy, ktor\u00e9 by sa mohli navz\u00e1jom dop\u013a\u0148a\u0165 a zlep\u0161ova\u0165. Preto po\u010das konferencie predstavia svoje met\u00f3dy k\u013e\u00fa\u010dov\u00e9 medzin\u00e1rodn\u00e9 osobnosti z oblasti organiza\u010dn\u00e9ho rozvoja, psychol\u00f3gie a pr\u00e1ce s konfliktami a obozn\u00e1mia \u00fa\u010dastn\u00edkov s mo\u017en\u00fdmi praktick\u00fdmi aplik\u00e1ciami. Zvolen\u00fd form\u00e1t konferencie nab\u00e1da \u00fa\u010dastn\u00edkov, aby do nej vniesli svoje vlastn\u00e9 n\u00e1zory a postrehy.<\/p>\n\n\n\n<p><strong>Organiz\u00e1cia<\/strong><\/p>\n\n\n\n<ul class=\"wp-block-list\">\n<li>IPA (In\u0161tit\u00fat pre procesn\u00fa pr\u00e1cu Z\u00fcrich) a<\/li>\n\n\n\n<li>IAPOP (Medzin\u00e1rodn\u00e1 spolo\u010dnos\u0165 pre procesne orientovan\u00fa psychol\u00f3giu)<\/li>\n<\/ul>\n\n\n\n<p><strong>Kontakt<\/strong><\/p>\n\n\n\n<ul class=\"wp-block-list\">\n<li>In\u0161tit\u00fat pre pr\u00e1cu s procesmi<\/li>\n\n\n\n<li>Konferencia 2012<\/li>\n\n\n\n<li>Binzstrasse 9<\/li>\n\n\n\n<li>CH-8045 Z\u00fcrich<\/li>\n\n\n\n<li>Tel: +41 44 451 20 70<\/li>\n\n\n\n<li>Fax: +41 44 450 13 60<\/li>\n\n\n\n<li>E-mail: konferenz2012@prozessarbeit.ch<\/li>\n\n\n\n<li>Web: http:\/\/www.prozessarbeit.ch\/conference2012\/<\/li>\n<\/ul>\n\n\n\n<p><strong>Kde za\u010dneme<\/strong><\/p>\n\n\n\n<p>Pojem \"kr\u00edza\" je jedn\u00fdm z najob\u013e\u00fabenej\u0161\u00edch slov e\u0161te st\u00e1le ve\u013emi mlad\u00e9ho 21. storo\u010dia. Glob\u00e1lny svetov\u00fd poriadok sa rozpad\u00e1, soci\u00e1lno-ekonomick\u00e9 rozdiely sa otv\u00e1raj\u00fa a prel\u00ednanie r\u00f4znych sp\u00f4sobov \u017eivota sa neust\u00e1le zvy\u0161uje. Stret\u00e1vaj\u00fa sa hodnoty, kult\u00fary a sveton\u00e1zory, ktor\u00e9 sa zdaj\u00fa by\u0165 nezlu\u010dite\u013en\u00e9, rozpadaj\u00fa sa tradi\u010dn\u00e9 vzory, o ktor\u00fdch sa mus\u00ed znovu rokova\u0165.<\/p>\n\n\n\n<p>Ot\u00e1zka, ako mo\u017eno u\u013eah\u010di\u0165 soci\u00e1lnu transform\u00e1ciu a zmenu, sa na mnoh\u00fdch miestach st\u00e1va \u010doraz d\u00f4le\u017eitej\u0161ou: Vo verejnej sf\u00e9re, v politike, v soci\u00e1lnych in\u0161tit\u00faci\u00e1ch a organiz\u00e1ci\u00e1ch. D\u00f4sledky nedostato\u010dn\u00e9ho u\u013eah\u010dovania s\u00fa \u010doraz drah\u0161ie a desivej\u0161ie. To znamen\u00e1, \u017ee s\u00fa potrebn\u00e9 met\u00f3dy a strat\u00e9gie, ktor\u00e9 \u013eu\u010fom umo\u017enia kon\u0161trukt\u00edvne rie\u0161i\u0165 nap\u00e4tia, odpory, obavy a konflikty. V\u00fdzva nau\u010di\u0165 sa rozv\u00edja\u0165 a uplat\u0148ova\u0165 udr\u017eate\u013en\u00e9 met\u00f3dy na zvl\u00e1danie soci\u00e1lneho nap\u00e4tia sa t\u00fdka n\u00e1s v\u0161etk\u00fdch: ako ob\u010danov, pracovn\u00edkov a ved\u00facich pracovn\u00edkov v podnikoch, ako \u010dlenov t\u00edmov a rod\u00edn a ako jednotlivcov.<\/p>\n\n\n\n<p><strong>V\u00edzia konferencie<\/strong><\/p>\n\n\n\n<p>Touto konferenciou vytv\u00e1rame f\u00f3rum s cie\u013eom obozn\u00e1mi\u0165 zainteresovan\u00fa verejnos\u0165 s trvalo udr\u017eate\u013en\u00fdmi met\u00f3dami rie\u0161enia procesov transform\u00e1cie. Zhroma\u017eden\u00edm medzin\u00e1rodn\u00fdch k\u013e\u00fa\u010dov\u00fdch osobnost\u00ed, ktor\u00e9 sa zaoberaj\u00fa soci\u00e1lnymi v\u00fdzvami na\u0161ej doby, pon\u00fakame udr\u017eate\u013en\u00fd pr\u00edspevok k \u010fal\u0161iemu rozvoju tvoriv\u00fdch s\u00edl v tejto oblasti.<\/p>\n\n\n\n<p><strong>Organiz\u00e1cia<\/strong><\/p>\n\n\n\n<p>Konferenciu organizuje IPA (In\u0161tit\u00fat pre procesn\u00fa pr\u00e1cu v Z\u00fcrichu) a IAPOP (Medzin\u00e1rodn\u00e1 spolo\u010dnos\u0165 pre procesne orientovan\u00fa psychol\u00f3giu). Procesn\u00e1 pr\u00e1ca predstavuje met\u00f3du Worldwork, facilita\u010dn\u00fa met\u00f3du a te\u00f3riu na rie\u0161enie soci\u00e1lnych zmien. Ako hostite\u013e tejto konferencie m\u00e1me z\u00e1ujem o h\u013eadanie synergi\u00ed, v\u00fdmenu know-how a podporu glob\u00e1lnych v\u00edzi\u00ed a iniciat\u00edv s cie\u013eom \u010falej ich rozv\u00edja\u0165 a z\u00faro\u010di\u0165 pre konkr\u00e9tne aplik\u00e1cie.<\/p>\n\n\n\n<p><strong>Cie\u013eov\u00e9 skupiny<\/strong><\/p>\n\n\n\n<p>Konferencia je ur\u010den\u00e1 odborn\u00edkom a \u010fal\u0161\u00edm \u00fa\u010dastn\u00edkom, ktor\u00ed sa zauj\u00edmaj\u00fa o ot\u00e1zky, ako dnes \u017ei\u0165 a pracova\u0165 spolu a ako rie\u0161i\u0165 s\u00fa\u010dasn\u00e9 soci\u00e1lne nap\u00e4tie a konflikty. Ke\u010f\u017ee sme z\u00e1merne pozvali ve\u013emi r\u00f4znorod\u00fdch \u013eud\u00ed, h\u013ead\u00e1me \u00fa\u010dastn\u00edkov, ktor\u00ed s\u00fa zvedav\u00ed a otvoren\u00ed r\u00f4znym pr\u00edstupom a met\u00f3dam.<\/p>\n\n\n\n<p>Ide o medzin\u00e1rodn\u00fa konferenciu, prezent\u00e1cie bud\u00fa prebieha\u0165 v nem\u010dine a angli\u010dtine (so simult\u00e1nnym prekladom).<\/p>\n\n\n\n<p><strong>Podrobnosti o konferencii<\/strong><\/p>\n\n\n\n<p>Konferencia sa za\u010d\u00edna 28. apr\u00edla 2012 o 9.00 h a kon\u010d\u00ed sa 30. apr\u00edla 2012 o 17.00 h.<\/p>\n\n\n\n<p><strong>Times<\/strong><\/p>\n\n\n\n<ul class=\"wp-block-list\">\n<li>28. apr\u00edla: 9.00 - 12.30; 14.00 - 17.45<\/li>\n\n\n\n<li>Ve\u010dern\u00fd program: 19.00 - 21.00 hod.<\/li>\n\n\n\n<li>29. apr\u00edla: 9.00 - 13.00; 14.30 - 18.00<\/li>\n\n\n\n<li>Ve\u010dern\u00fd program: 20.00 - 21.00 WorldWork Awards, potom p\u00e1rty do polnoci<\/li>\n\n\n\n<li>30. apr\u00edla: 9.00 - 12.30; 14.00 - 17.30<\/li>\n<\/ul>\n\n\n\n<p><strong>Jazyky<\/strong><\/p>\n\n\n\n<p>Konferencia je dvojjazy\u010dn\u00e1 a bude prebieha\u0165 v nem\u010dine a angli\u010dtine so simult\u00e1nnym prekladom.<\/p>\n\n\n\n<p><strong>Predkonferen\u010dn\u00e9 a postkonferen\u010dn\u00e9 semin\u00e1re<\/strong><\/p>\n\n\n\n<ul class=\"wp-block-list\">\n<li>Apr\u00edl 2012: Amy a Arny Mindellovci: \"Nov\u00e9 vedenie pre politiku a ekol\u00f3giu\"<\/li>\n\n\n\n<li>Apr\u00edl 2012: Ellen &amp; Max Schupbach: \"Procesne orientovan\u00e1 organiz\u00e1cia: Vydanie publik\u00e1cie: \"Nov\u00e9 koncepcie v riaden\u00ed zmien a veden\u00ed organiz\u00e1ci\u00ed so zainteresovan\u00fdmi stranami\"<\/li>\n<\/ul>\n\n\n\n<h2 class=\"wp-block-heading\"><strong>Preh\u013ead programu<\/strong><\/h2>\n\n\n\n<h3 class=\"wp-block-heading\">28. apr\u00edla 2012 Meniaci sa svet: V\u00edzie a strat\u00e9gie \u010dinnosti<\/h3>\n\n\n\n<ul class=\"wp-block-list\">\n<li>Bud\u00facnos\u0165? K\u013e\u00fa\u010dov\u00e9 pozn\u00e1mky z oblasti mierovej pr\u00e1ce (Sumaya Farhat-Naser), politiky (Andreas Gross), ekonomiky (Antoinette Hunziker): V\u00fdzvy, v\u00edzie a strat\u00e9gie \u010dinnosti\"<\/li>\n\n\n\n<li>Doktori Arnold a Amy Mindellovci: hlb\u0161ia demokracia pre glob\u00e1lne zmeny<\/li>\n\n\n\n<li>Popolud\u0148aj\u0161ie workshopy: Worldwork a in\u00e9 smery prezentuj\u00fa z\u00e1\u017eitkov\u00fa pr\u00e1cu s cie\u013eom vytvori\u0165 synergie pre v\u00edzie orientovan\u00e9 na bud\u00facnos\u0165<\/li>\n\n\n\n<li>Okr\u00fahly st\u00f4l s Wolfom B\u00fcntigom (potenci\u00e1lne orientovan\u00e1 psychol\u00f3gia), Annou Gamma (Zen\/Leadership), Andreasom Grossom (n\u00e1rodn\u00fd a eur\u00f3psky radca), Antoinette Hunziker (ekon\u00f3mia), Arny Mindell (procesn\u00e1 pr\u00e1ca\/Worldwork).<\/li>\n\n\n\n<li>Ve\u010dern\u00fd program: Ocenenia v oblasti svetovej pr\u00e1ce. Mimoriadny v\u00fdskum v oblasti worldwork a pr\u00e1ce s konfliktami. Najlep\u0161\u00ed v\u00fdsledok aplik\u00e1cie worldwork v oblasti a<\/li>\n\n\n\n<li>Konferencia Party<\/li>\n<\/ul>\n\n\n\n<h3 class=\"wp-block-heading\">29. apr\u00edla 2012 Polia soci\u00e1lneho nap\u00e4tia: Pr\u00e1ca s konfliktami<\/h3>\n\n\n\n<ul class=\"wp-block-list\">\n<li>K\u013e\u00fa\u010dov\u00e9 pozn\u00e1mky: Matthias Varga von Kib\u00e9d (Tetralemma, System Constellation); Dr. Arlene und Jean-Claude Audergon, CFOR, Worldwork.<\/li>\n\n\n\n<li>Popolud\u0148aj\u0161ie workshopy: Prineste si vlastn\u00fd pr\u00edpad do malej skupiny (r\u00f4zne, kombinovan\u00e9 met\u00f3dy pr\u00e1ce s pr\u00edpadom).<\/li>\n<\/ul>\n\n\n\n<h3 class=\"wp-block-heading\">30. apr\u00edla 2012 Inov\u00e1cie a transform\u00e1cia v podnikan\u00ed a organiz\u00e1cii<\/h3>\n\n\n\n<ul class=\"wp-block-list\">\n<li>Hlavn\u00e9 pozn\u00e1mky Helen Eriksen (Kaospilot); Dr. Max a Ellen Schupbachovci<\/li>\n\n\n\n<li>Okr\u00fahly st\u00f4l: V\u00edzie, strat\u00e9gie a v\u00fdzvy v procesoch zmeny. \u010co si bud\u00facnos\u0165 \u017eiada od facilit\u00e1torov zmien - medzin\u00e1rodn\u00e1 perspekt\u00edva. Helen Eriksen (DK), Max Schupbach (USA), Constantin Peer (CH), Pracha Hutanuwatra (Thajsko) tbc, Anjali Hazarika (India), Daniel Sieber (CH)<\/li>\n\n\n\n<li>Popolud\u0148aj\u0161ie workshopy: Viacer\u00e9 poh\u013eady na praktick\u00fd pr\u00edpad: R\u00f4zne met\u00f3dy spolupr\u00e1ce.<\/li>\n\n\n\n<li>Playbackov\u00e9 divadlo, uzavretie.<\/li>\n<\/ul>\n\n\n\n<p>\u010eal\u0161ie inform\u00e1cie z\u00edskate od: <a href=\"mailto:konferenz2012@prozessarbeit.ch\" rel=\"nofollow\">konferenz2012@prozessarbeit.ch<\/a><\/p>\n\n\n\n<h2 class=\"wp-block-heading\">Konferencie IAPOP<\/h2>\n\n\n\n<p>Prv\u00e1 konferencia IAPOP sa konala v roku 2007 v Lond\u00fdne. Tu je prepis hlavn\u00e9ho prejavu, ktor\u00fd predniesli Arny a Amy Mindellovci:<\/p>\n\n\n\n<blockquote class=\"wp-block-quote is-layout-flow wp-block-quote-is-layout-flow\">\n<p>Arnold Mindell, Ph. D., &amp; Amy Mindell, Ph. D. (2007). O p\u00f4vode a podstate procesnej pr\u00e1ce. London: Keynote address presented at 2007 IAPOP Conference. <a href=\"\/wp-content\/uploads\/2010\/11\/mindell2007iapopkeynote.pdf\">PDF<\/a><\/p>\n<\/blockquote>\n\n\n\n<p>Druh\u00e1 konferencia IAPOP sa konala v Portlande v Oregone v roku 2010 a bola zameran\u00e1 na komunitn\u00e9 a glob\u00e1lne zdravie. <\/p>\n\n\n\n<p><\/p>","protected":false},"excerpt":{"rendered":"<p>Local change: Tension, Crisis, and Change Processes A Forum for Sustainable Group Process Methods in Working with Social Challenges Since the beginning of the world economic crisis, the social tensions [&hellip;]<\/p>\n","protected":false},"author":250,"featured_media":0,"parent":0,"menu_order":0,"comment_status":"closed","ping_status":"closed","template":"","meta":{"_EventAllDay":false,"_EventTimezone":"","_EventStartDate":"","_EventEndDate":"","_EventStartDateUTC":"","_EventEndDateUTC":"","_EventShowMap":false,"_EventShowMapLink":false,"_EventURL":"","_EventCost":"","_EventCostDescription":"","_EventCurrencySymbol":"","_EventCurrencyCode":"","_EventCurrencyPosition":"","_EventDateTimeSeparator":"","_EventTimeRangeSeparator":"","_EventOrganizerID":[],"_EventVenueID":[],"_OrganizerEmail":"","_OrganizerPhone":"","_OrganizerWebsite":"","_VenueAddress":"","_VenueCity":"","_VenueCountry":"","_VenueProvince":"","_VenueState":"","_VenueZip":"","_VenuePhone":"","_VenueURL":"","_VenueStateProvince":"","_VenueLat":"","_VenueLng":"","_VenueShowMap":false,"_VenueShowMapLink":false,"footnotes":""},"class_list":["post-7229","page","type-page","status-publish","hentry"],"yoast_head":"<!-- This site is optimized with the Yoast SEO plugin v27.3 - https:\/\/yoast.com\/product\/yoast-seo-wordpress\/ -->\n<title>2012 IAPOP Conference - IAPOP<\/title>\n<meta name=\"robots\" content=\"index, follow, max-snippet:-1, max-image-preview:large, max-video-preview:-1\" \/>\n<link rel=\"canonical\" href=\"https:\/\/iapop.com\/sk\/2012iapop-conference\/\" \/>\n<meta property=\"og:locale\" content=\"sk_SK\" \/>\n<meta property=\"og:type\" content=\"article\" \/>\n<meta property=\"og:title\" content=\"2012 IAPOP Conference - IAPOP\" \/>\n<meta property=\"og:description\" content=\"Local change: Tension, Crisis, and Change Processes A Forum for Sustainable Group Process Methods in Working with Social Challenges Since the beginning of the world economic crisis, the social tensions [&hellip;]\" \/>\n<meta property=\"og:url\" content=\"https:\/\/iapop.com\/sk\/2012iapop-conference\/\" \/>\n<meta property=\"og:site_name\" content=\"IAPOP\" \/>\n<meta property=\"article:publisher\" content=\"https:\/\/www.facebook.com\/processwork.iapop\" \/>\n<meta property=\"article:modified_time\" content=\"2025-02-17T08:58:50+00:00\" \/>\n<meta property=\"og:image\" content=\"https:\/\/iapop.com\/wp-content\/uploads\/2012\/01\/IAPOP2012-zurich.gif\" \/>\n<meta name=\"twitter:card\" content=\"summary_large_image\" \/>\n<meta name=\"twitter:label1\" content=\"Predpokladan\u00fd \u010das \u010d\u00edtania\" \/>\n\t<meta name=\"twitter:data1\" content=\"5 min\u00fat\" \/>\n<script type=\"application\/ld+json\" class=\"yoast-schema-graph\">{\"@context\":\"https:\\\/\\\/schema.org\",\"@graph\":[{\"@type\":\"WebPage\",\"@id\":\"https:\\\/\\\/iapop.com\\\/ru\\\/2012iapop-conference\\\/\",\"url\":\"https:\\\/\\\/iapop.com\\\/ru\\\/2012iapop-conference\\\/\",\"name\":\"2012 IAPOP Conference - IAPOP\",\"isPartOf\":{\"@id\":\"http:\\\/\\\/iapop.com\\\/es\\\/#website\"},\"primaryImageOfPage\":{\"@id\":\"https:\\\/\\\/iapop.com\\\/ru\\\/2012iapop-conference\\\/#primaryimage\"},\"image\":{\"@id\":\"https:\\\/\\\/iapop.com\\\/ru\\\/2012iapop-conference\\\/#primaryimage\"},\"thumbnailUrl\":\"https:\\\/\\\/iapop.com\\\/wp-content\\\/uploads\\\/2012\\\/01\\\/IAPOP2012-zurich.gif\",\"datePublished\":\"2025-02-17T08:52:17+00:00\",\"dateModified\":\"2025-02-17T08:58:50+00:00\",\"breadcrumb\":{\"@id\":\"https:\\\/\\\/iapop.com\\\/ru\\\/2012iapop-conference\\\/#breadcrumb\"},\"inLanguage\":\"sk-SK\",\"potentialAction\":[{\"@type\":\"ReadAction\",\"target\":[\"https:\\\/\\\/iapop.com\\\/ru\\\/2012iapop-conference\\\/\"]}]},{\"@type\":\"ImageObject\",\"inLanguage\":\"sk-SK\",\"@id\":\"https:\\\/\\\/iapop.com\\\/ru\\\/2012iapop-conference\\\/#primaryimage\",\"url\":\"https:\\\/\\\/iapop.com\\\/wp-content\\\/uploads\\\/2012\\\/01\\\/IAPOP2012-zurich.gif\",\"contentUrl\":\"https:\\\/\\\/iapop.com\\\/wp-content\\\/uploads\\\/2012\\\/01\\\/IAPOP2012-zurich.gif\"},{\"@type\":\"BreadcrumbList\",\"@id\":\"https:\\\/\\\/iapop.com\\\/ru\\\/2012iapop-conference\\\/#breadcrumb\",\"itemListElement\":[{\"@type\":\"ListItem\",\"position\":1,\"name\":\"Home\",\"item\":\"https:\\\/\\\/iapop.com\\\/\"},{\"@type\":\"ListItem\",\"position\":2,\"name\":\"2012 IAPOP Conference\"}]},{\"@type\":\"WebSite\",\"@id\":\"http:\\\/\\\/iapop.com\\\/es\\\/#website\",\"url\":\"http:\\\/\\\/iapop.com\\\/es\\\/\",\"name\":\"IAPOP\",\"description\":\"Process Oriented Psychology\",\"publisher\":{\"@id\":\"http:\\\/\\\/iapop.com\\\/es\\\/#organization\"},\"potentialAction\":[{\"@type\":\"SearchAction\",\"target\":{\"@type\":\"EntryPoint\",\"urlTemplate\":\"http:\\\/\\\/iapop.com\\\/es\\\/?s={search_term_string}\"},\"query-input\":{\"@type\":\"PropertyValueSpecification\",\"valueRequired\":true,\"valueName\":\"search_term_string\"}}],\"inLanguage\":\"sk-SK\"},{\"@type\":\"Organization\",\"@id\":\"http:\\\/\\\/iapop.com\\\/es\\\/#organization\",\"name\":\"IAPOP\",\"url\":\"http:\\\/\\\/iapop.com\\\/es\\\/\",\"logo\":{\"@type\":\"ImageObject\",\"inLanguage\":\"sk-SK\",\"@id\":\"http:\\\/\\\/iapop.com\\\/es\\\/#\\\/schema\\\/logo\\\/image\\\/\",\"url\":\"https:\\\/\\\/iapop.com\\\/wp-content\\\/uploads\\\/2024\\\/12\\\/Logo-300x131-1.png\",\"contentUrl\":\"https:\\\/\\\/iapop.com\\\/wp-content\\\/uploads\\\/2024\\\/12\\\/Logo-300x131-1.png\",\"width\":300,\"height\":131,\"caption\":\"IAPOP\"},\"image\":{\"@id\":\"http:\\\/\\\/iapop.com\\\/es\\\/#\\\/schema\\\/logo\\\/image\\\/\"},\"sameAs\":[\"https:\\\/\\\/www.facebook.com\\\/processwork.iapop\"]}]}<\/script>\n<!-- \/ Yoast SEO plugin. -->","yoast_head_json":{"title":"Konferencia IAPOP 2012 - IAPOP","robots":{"index":"index","follow":"follow","max-snippet":"max-snippet:-1","max-image-preview":"max-image-preview:large","max-video-preview":"max-video-preview:-1"},"canonical":"https:\/\/iapop.com\/sk\/2012iapop-conference\/","og_locale":"sk_SK","og_type":"article","og_title":"2012 IAPOP Conference - IAPOP","og_description":"Local change: Tension, Crisis, and Change Processes A Forum for Sustainable Group Process Methods in Working with Social Challenges Since the beginning of the world economic crisis, the social tensions [&hellip;]","og_url":"https:\/\/iapop.com\/sk\/2012iapop-conference\/","og_site_name":"IAPOP","article_publisher":"https:\/\/www.facebook.com\/processwork.iapop","article_modified_time":"2025-02-17T08:58:50+00:00","og_image":[{"url":"https:\/\/iapop.com\/wp-content\/uploads\/2012\/01\/IAPOP2012-zurich.gif","type":"","width":"","height":""}],"twitter_card":"summary_large_image","twitter_misc":{"Predpokladan\u00fd \u010das \u010d\u00edtania":"5 min\u00fat"},"schema":{"@context":"https:\/\/schema.org","@graph":[{"@type":"WebPage","@id":"https:\/\/iapop.com\/ru\/2012iapop-conference\/","url":"https:\/\/iapop.com\/ru\/2012iapop-conference\/","name":"Konferencia IAPOP 2012 - IAPOP","isPartOf":{"@id":"http:\/\/iapop.com\/es\/#website"},"primaryImageOfPage":{"@id":"https:\/\/iapop.com\/ru\/2012iapop-conference\/#primaryimage"},"image":{"@id":"https:\/\/iapop.com\/ru\/2012iapop-conference\/#primaryimage"},"thumbnailUrl":"https:\/\/iapop.com\/wp-content\/uploads\/2012\/01\/IAPOP2012-zurich.gif","datePublished":"2025-02-17T08:52:17+00:00","dateModified":"2025-02-17T08:58:50+00:00","breadcrumb":{"@id":"https:\/\/iapop.com\/ru\/2012iapop-conference\/#breadcrumb"},"inLanguage":"sk-SK","potentialAction":[{"@type":"ReadAction","target":["https:\/\/iapop.com\/ru\/2012iapop-conference\/"]}]},{"@type":"ImageObject","inLanguage":"sk-SK","@id":"https:\/\/iapop.com\/ru\/2012iapop-conference\/#primaryimage","url":"https:\/\/iapop.com\/wp-content\/uploads\/2012\/01\/IAPOP2012-zurich.gif","contentUrl":"https:\/\/iapop.com\/wp-content\/uploads\/2012\/01\/IAPOP2012-zurich.gif"},{"@type":"BreadcrumbList","@id":"https:\/\/iapop.com\/ru\/2012iapop-conference\/#breadcrumb","itemListElement":[{"@type":"ListItem","position":1,"name":"Home","item":"https:\/\/iapop.com\/"},{"@type":"ListItem","position":2,"name":"2012 IAPOP Conference"}]},{"@type":"WebSite","@id":"http:\/\/iapop.com\/es\/#website","url":"http:\/\/iapop.com\/es\/","name":"IAPOP","description":"Procesne orientovan\u00e1 psychol\u00f3gia","publisher":{"@id":"http:\/\/iapop.com\/es\/#organization"},"potentialAction":[{"@type":"SearchAction","target":{"@type":"EntryPoint","urlTemplate":"http:\/\/iapop.com\/es\/?s={search_term_string}"},"query-input":{"@type":"PropertyValueSpecification","valueRequired":true,"valueName":"search_term_string"}}],"inLanguage":"sk-SK"},{"@type":"Organization","@id":"http:\/\/iapop.com\/es\/#organization","name":"IAPOP","url":"http:\/\/iapop.com\/es\/","logo":{"@type":"ImageObject","inLanguage":"sk-SK","@id":"http:\/\/iapop.com\/es\/#\/schema\/logo\/image\/","url":"https:\/\/iapop.com\/wp-content\/uploads\/2024\/12\/Logo-300x131-1.png","contentUrl":"https:\/\/iapop.com\/wp-content\/uploads\/2024\/12\/Logo-300x131-1.png","width":300,"height":131,"caption":"IAPOP"},"image":{"@id":"http:\/\/iapop.com\/es\/#\/schema\/logo\/image\/"},"sameAs":["https:\/\/www.facebook.com\/processwork.iapop"]}]}},"_links":{"self":[{"href":"https:\/\/iapop.com\/sk\/wp-json\/wp\/v2\/pages\/7229","targetHints":{"allow":["GET"]}}],"collection":[{"href":"https:\/\/iapop.com\/sk\/wp-json\/wp\/v2\/pages"}],"about":[{"href":"https:\/\/iapop.com\/sk\/wp-json\/wp\/v2\/types\/page"}],"author":[{"embeddable":true,"href":"https:\/\/iapop.com\/sk\/wp-json\/wp\/v2\/users\/250"}],"replies":[{"embeddable":true,"href":"https:\/\/iapop.com\/sk\/wp-json\/wp\/v2\/comments?post=7229"}],"version-history":[{"count":0,"href":"https:\/\/iapop.com\/sk\/wp-json\/wp\/v2\/pages\/7229\/revisions"}],"wp:attachment":[{"href":"https:\/\/iapop.com\/sk\/wp-json\/wp\/v2\/media?parent=7229"}],"curies":[{"name":"wp","href":"https:\/\/api.w.org\/{rel}","templated":true}]}}